{"id":7759,"date":"2024-05-29T16:36:43","date_gmt":"2024-05-29T14:36:43","guid":{"rendered":"https:\/\/www.canoe-kayak-lavernede.com\/?page_id=7759"},"modified":"2024-06-13T14:21:52","modified_gmt":"2024-06-13T12:21:52","slug":"la-vernede-x-domaine-de-la-sabliere","status":"publish","type":"page","link":"https:\/\/canoe-kayak-lavernede.com\/de\/la-vernede-x-domaine-de-la-sabliere\/","title":{"rendered":"La Vernede X domaine de la Sabli\u00e8re"},"content":{"rendered":"<p>[vc_row full_width=&#8220;stretch_row&#8220; el_id=&#8220;breadcrumb&#8220;][vc_column][vc_column_text]<span><span><a href=\"https:\/\/canoe-kayak-lavernede.com\/de\/\">Accueil<\/a><\/span><\/span>[\/vc_column_text][\/vc_column][\/vc_row][vc_row full_width=&#8220;stretch_row&#8220; el_id=&#8220;ban_inte&#8220;][vc_column][vc_column_text]<\/p>\n<h1 style=\"text-align: center;\"><span class=\"titre_1\" style=\"color: #ffffff; font-size: 24pt;\"><span style=\"text-transform: uppercase;\">Descentes de l&#8217;Ard\u00e8che en cano\u00eb &#8211; Tarifs sp\u00e9cial Sabli\u00e8re\u00a0<\/span><\/span><\/h1>\n<p>[\/vc_column_text]\n\n<picture class=\"ImgBG \" style=\"position: absolute; width: 100%; height:100%; top: 0; left:0; z-index: -2;\">\n    <img decoding=\"async\" width=\"1900\" height=\"660\" src=\"https:\/\/canoe-kayak-lavernede.com\/wp-content\/uploads\/2022\/03\/bandeau-acceuil-descentes-de-lArdeche-canoe-2-1.png\" class=\"attachment-full size-full\" alt=\"\" srcset=\"https:\/\/canoe-kayak-lavernede.com\/wp-content\/uploads\/2022\/03\/bandeau-acceuil-descentes-de-lArdeche-canoe-2-1.png 1900w, https:\/\/canoe-kayak-lavernede.com\/wp-content\/uploads\/2022\/03\/bandeau-acceuil-descentes-de-lArdeche-canoe-2-1-780x271.png 780w, https:\/\/canoe-kayak-lavernede.com\/wp-content\/uploads\/2022\/03\/bandeau-acceuil-descentes-de-lArdeche-canoe-2-1-768x267.png 768w, https:\/\/canoe-kayak-lavernede.com\/wp-content\/uploads\/2022\/03\/bandeau-acceuil-descentes-de-lArdeche-canoe-2-1-1536x534.png 1536w\" sizes=\"(max-width: 1900px) 100vw, 1900px\" \/><\/picture>\n\n[\/vc_column][\/vc_row][vc_row][vc_column][vc_column_text]<span style=\"color: #ff0000;\"><strong>LA VERNEDE<\/strong><\/span> vous propose de d\u00e9couvrir les gorges de l&#8217;Ard\u00e8che en cano\u00eb en vous faisant profiter de tarifs sp\u00e9ciaux pour les clients du <strong>DOMAINE DE LA SABLIERE<\/strong>.<\/p>\n<p>Les descentes de l&#8217;Ard\u00e8che en cano\u00eb-kayak offrent une <strong>exp\u00e9rience inoubliable<\/strong>, id\u00e9ale pour les amateurs de nature et d&#8217;aventure. Ce cadre spectaculaire, marqu\u00e9 par des gorges majestueuses et des eaux cristallines, propose des parcours vari\u00e9s, de 5 km \u00e0 32 km, convenant \u00e0 tous les niveaux.<br \/>\nQue vous soyez d\u00e9butant ou exp\u00e9riment\u00e9, vous d\u00e9couvrirez des paysages \u00e0 couper le souffle, des falaises impressionnantes, et une biodiversit\u00e9 riche. Pagayer au c\u0153ur de ce joyau naturel, c&#8217;est vivre un moment de d\u00e9tente et de d\u00e9couverte, alliant sport et contemplation dans un environnement pr\u00e9serv\u00e9 et enchanteur.<\/p>\n<p><strong>De 5 km \u00e0 32 km, vous trouverez forcement un parcours qui correspond \u00e0 vos attente. \ud83d\ude42<\/strong>[\/vc_column_text][\/vc_column][\/vc_row][vc_row][vc_column][vc_row_inner][vc_column_inner width=&#8220;1\/2&#8243; css=&#8220;.vc_custom_1716992226231{background-color: #ffffff !important;}&#8220;][vc_column_text]<span style=\"text-decoration: underline;\"><strong>CONDITIONS OBLIGATOIRE POUR TOUS PARCOURS :<\/strong><\/span>[\/vc_column_text][vc_column_text]<\/p>\n<ul>\n<li>Avoir plus de 7 ans<\/li>\n<li>Savoir nager 25 m minimum<\/li>\n<li>Ne pas avoir peur de l&#8217;eau<\/li>\n<\/ul>\n<p>[\/vc_column_text][vc_separator el_width=&#8220;30&#8243;][vc_column_text]<a href=\"https:\/\/canoe-kayak-lavernede.com\/mini-descente-de-lardeche-8km-encadree-des-5-ans\/\"><em><strong>Les enfants de moins de 7 ans peuvent participer \u00e0 nos sorties encadr\u00e9e par un moniteur professionnel :<\/strong><\/em><\/a>[\/vc_column_text][vc_btn title=&#8220;Plus d&#8217;infos ICI&#8220; color=&#8220;juicy-pink&#8220; link=&#8220;url:https%3A%2F%2Fwww.canoe-kayak-lavernede.com%2Fmini-descente-de-lardeche-8km-encadree-des-5-ans%2F&#8220;][\/vc_column_inner][vc_column_inner width=&#8220;1\/2&#8243;][\/vc_column_inner][\/vc_row_inner][\/vc_column][\/vc_row][vc_row][vc_column][vc_column_text]<\/p>\n<h2 style=\"text-align: center;\"><span class=\"titre_2\">PLAN DES PARCOURS CANO\u00cb<\/span><\/h2>\n<p>[\/vc_column_text][vc_single_image image=&#8220;7824&#8243; img_size=&#8220;full&#8220; alignment=&#8220;center&#8220; onclick=&#8220;link_image&#8220;][\/vc_column][\/vc_row][vc_row][vc_column][vc_column_text]<\/p>\n<p style=\"text-align: center;\"><span class=\"titre_2\">CHOISISSEZ VOTRE DESCENTE DE L&#8217;ARDECHE<\/span><\/p>\n<p>[\/vc_column_text][vc_single_image image=&#8220;7819&#8243; img_size=&#8220;55&#215;55&#8243; alignment=&#8220;center&#8220;][\/vc_column][\/vc_row][vc_row][vc_column width=&#8220;1\/2&#8243; css=&#8220;.vc_custom_1717051300718{margin-top: 15px !important;margin-right: 15px !important;margin-bottom: 15px !important;margin-left: 5px !important;border-top-width: 2px !important;border-right-width: 2px !important;border-bottom-width: 2px !important;border-left-width: 2px !important;border-left-color: #919191 !important;border-left-style: solid !important;border-right-color: #919191 !important;border-right-style: solid !important;border-top-color: #919191 !important;border-top-style: solid !important;border-bottom-color: #919191 !important;border-bottom-style: solid !important;border-radius: 10px !important;}&#8220;][vc_single_image image=&#8220;7781&#8243; img_size=&#8220;full&#8220; alignment=&#8220;center&#8220;][vc_column_text]<\/p>\n<p style=\"text-align: center;\"><span class=\"titre_3\" style=\"font-size: 18pt;\"><strong>5 km<\/strong><\/span><br \/>\n<span class=\"titre_3\" style=\"font-size: 18pt;\"><strong>Mini Toboggans<\/strong><\/span><\/p>\n<p>[\/vc_column_text][vc_single_image image=&#8220;1475&#8243;][vc_column_text]La <strong>MINI TOBOGGANS<\/strong> de 5 km est un parcours de cano\u00eb tr\u00e8s facile, parfait pour faire d\u00e9couvrir la descente de l&#8217;Ard\u00e8che aux enfants ou pour faire une d\u00e9couverte toute en douceur de l&#8217;Ard\u00e8che.<\/p>\n<p>Vous n&#8217;aurez aucun rapide \u00e0 n\u00e9gocier, simplement 4 petits toboggans \u00e0 cano\u00eb ou vous laisser glisser sans difficult\u00e9s.<\/p>\n<p>Ce parcours vous demandera environs 1h30 de temps de navigation mais vous serez libre de prendre le temps que vous voulez pour profiter des plages que vous trouverez sur le parcours et faire des pauses \u00e0 volont\u00e9 ! \ud83d\ude42<\/p>\n<p><strong>D\u00e9parts possible \u00e0 9h00 \/ 10h30 \/ 12h00 et 13h30<\/strong>[\/vc_column_text][vc_btn title=&#8220;RESERVATIONS &#8211; MINI TOBOGGANS 5 KM&#8220; color=&#8220;juicy-pink&#8220; size=&#8220;lg&#8220; align=&#8220;center&#8220; i_icon_fontawesome=&#8220;fas fa-calendar-alt&#8220; add_icon=&#8220;true&#8220; link=&#8220;url:https%3A%2F%2Fshop.canoe-kayak-lavernede.com%2Factivites%2F5km_Mini_toboggans%3Fpricing-group%3D66582bbf1cc694411d97bbed&#8220;][\/vc_column][vc_column width=&#8220;1\/2&#8243; css=&#8220;.vc_custom_1717051295458{margin-top: 15px !important;margin-right: 5px !important;margin-bottom: 15px !important;margin-left: 15px !important;border-top-width: 2px !important;border-right-width: 2px !important;border-bottom-width: 2px !important;border-left-width: 2px !important;border-left-color: #919191 !important;border-left-style: solid !important;border-right-color: #919191 !important;border-right-style: solid !important;border-top-color: #919191 !important;border-top-style: solid !important;border-bottom-color: #919191 !important;border-bottom-style: solid !important;border-radius: 10px !important;}&#8220;][vc_single_image image=&#8220;7790&#8243; img_size=&#8220;full&#8220; alignment=&#8220;center&#8220;][vc_column_text]<\/p>\n<p style=\"text-align: center;\"><span class=\"titre_3\" style=\"font-size: 18pt;\"><strong>8 km<\/strong><\/span><br \/>\n<span class=\"titre_3\" style=\"font-size: 18pt;\"><strong>Mini Pont d&#8217;Arc<\/strong><\/span><\/p>\n<p>[\/vc_column_text][vc_single_image image=&#8220;1475&#8243;][vc_column_text]La <strong>MINI DESCENTE DU PONT D&#8217;ARC <\/strong>de 8 km est un parcours facile, appr\u00e9ci\u00e9 par en famille, entre amis ou simplement si vous souhaitez effectuer une petite descente tranquille qui vous fera passer sous le c\u00e9l\u00e8bre Pont d&#8217;Arc.<\/p>\n<p>La navigations y est facile et vous aurez quelques petits rapides \u00e0 traverser dont le bien connu rapide du Charlemagne.<\/p>\n<p>Ce parcours vous demandera environs 1h30 de temps de navigation mais vous serez libre de prendre le temps que vous voulez pour profiter des plages que vous trouverez sur le parcours et faire des pauses \u00e0 volont\u00e9 ! \ud83d\ude42<\/p>\n<p><strong>D\u00e9parts possible non stop de 8h00 \u00e0 16h00<\/strong>[\/vc_column_text][vc_btn title=&#8220;RESERVATIONS &#8211; MINI PONT D&#8217;ARC 8 KM&#8220; color=&#8220;juicy-pink&#8220; size=&#8220;lg&#8220; align=&#8220;center&#8220; i_icon_fontawesome=&#8220;fas fa-calendar-alt&#8220; add_icon=&#8220;true&#8220; link=&#8220;url:https%3A%2F%2Fshop.canoe-kayak-lavernede.com%2Factivites%2Fcanoe_1j_8km%3Fpricing-group%3D66582bbf1cc694411d97bbed&#8220;][\/vc_column][\/vc_row][vc_row][vc_column width=&#8220;1\/2&#8243; css=&#8220;.vc_custom_1717051281174{margin-top: 15px !important;margin-right: 15px !important;margin-bottom: 15px !important;margin-left: 5px !important;border-top-width: 2px !important;border-right-width: 2px !important;border-bottom-width: 2px !important;border-left-width: 2px !important;border-left-color: #919191 !important;border-left-style: solid !important;border-right-color: #919191 !important;border-right-style: solid !important;border-top-color: #919191 !important;border-top-style: solid !important;border-bottom-color: #919191 !important;border-bottom-style: solid !important;border-radius: 10px !important;}&#8220;][vc_single_image image=&#8220;7798&#8243; img_size=&#8220;full&#8220; alignment=&#8220;center&#8220;][vc_column_text]<\/p>\n<p style=\"text-align: center;\"><span class=\"titre_3\" style=\"font-size: 18pt;\"><strong>12 km<\/strong><\/span><br \/>\n<span class=\"titre_3\" style=\"font-size: 18pt;\"><strong>L&#8217;interm\u00e9diaire<\/strong><\/span><\/p>\n<p>[\/vc_column_text][vc_single_image image=&#8220;1447&#8243;][vc_column_text]<strong>C&#8217;est le parcours pr\u00e9f\u00e9r\u00e9 des touristes en Ard\u00e8che et on comprends pourquoi !<\/strong> Une premi\u00e8re partie avec 4 toboggans \u00e0 cano\u00eb et ensuite le passage sous le pont d&#8217;arc et ses petits rapides !<\/p>\n<p>Un parcours parfait pour passer une journ\u00e9e tranquille avec une pause pique nique sur la plage !<\/p>\n<p>Ce parcours vous demandera environs 3h00 de temps de navigation mais vous serez libre de prendre le temps que vous voulez pour profiter des plages que vous trouverez sur le parcours et faire des pauses \u00e0 volont\u00e9 ! \ud83d\ude42<\/p>\n<p><strong>D\u00e9parts possible \u00e0 9h00 \/ 10h30 \/ 12h00 et 13h30<\/strong>[\/vc_column_text][vc_btn title=&#8220;RESERVATIONS &#8211; L&#8217;INTERMEDIAIRE 12 KM&#8220; color=&#8220;juicy-pink&#8220; size=&#8220;lg&#8220; align=&#8220;center&#8220; i_icon_fontawesome=&#8220;fas fa-calendar-alt&#8220; add_icon=&#8220;true&#8220; link=&#8220;url:https%3A%2F%2Fshop.canoe-kayak-lavernede.com%2Factivites%2Fcanoe_1j_12km%3Fpricing-group%3D66582bbf1cc694411d97bbed&#8220;][\/vc_column][vc_column width=&#8220;1\/2&#8243; css=&#8220;.vc_custom_1717051287893{margin-top: 15px !important;margin-right: 5px !important;margin-bottom: 15px !important;margin-left: 15px !important;border-top-width: 2px !important;border-right-width: 2px !important;border-bottom-width: 2px !important;border-left-width: 2px !important;border-left-color: #919191 !important;border-left-style: solid !important;border-right-color: #919191 !important;border-right-style: solid !important;border-top-color: #919191 !important;border-top-style: solid !important;border-bottom-color: #919191 !important;border-bottom-style: solid !important;border-radius: 10px !important;}&#8220;][vc_single_image image=&#8220;7805&#8243; img_size=&#8220;full&#8220; alignment=&#8220;center&#8220;][vc_column_text]<\/p>\n<p style=\"text-align: center;\"><span class=\"titre_3\" style=\"font-size: 18pt;\"><strong>24 km<\/strong><\/span><br \/>\n<span class=\"titre_3\" style=\"font-size: 18pt;\"><strong>Les Gorges de L&#8217;Ard\u00e8che<\/strong><\/span><\/p>\n<p>[\/vc_column_text][vc_single_image image=&#8220;3056&#8243;][vc_column_text]Traversez la r\u00e9serve naturelle des GORGES DE L&#8217;ARDECHE sur <strong>ce parcours de 24km<\/strong> qui ne passe pas sous le pont d&#8217;arc mais reste <strong>sans aucun doute le plus beau parcours sur l&#8217;Ard\u00e8che !<\/strong><\/p>\n<p>Vous pourrez profiter de nombreux rapides et des panoramas les plus impressionnants !.<\/p>\n<p>Ce parcours vous demandera environs 5h00 de temps de navigation, nous vous conseillons de partir t\u00f4t pour profiter au maximum \u00e9tant donn\u00e9 que vous \u00eates attendus \u00e0 l&#8217;arriv\u00e9e pour 16h30 environs !<\/p>\n<p><strong>D\u00e9parts possible toutes les 30 minutes de 8h30 \u00e0 10h00<\/strong>[\/vc_column_text][vc_btn title=&#8220;RESERVATIONS &#8211; LES GORGES DE L&#8217;ARDECHE 24 KM&#8220; color=&#8220;juicy-pink&#8220; size=&#8220;lg&#8220; align=&#8220;center&#8220; i_icon_fontawesome=&#8220;fas fa-calendar-alt&#8220; add_icon=&#8220;true&#8220; link=&#8220;url:https%3A%2F%2Fshop.canoe-kayak-lavernede.com%2Factivites%2Fcanoe_1j_24km%3Fpricing-group%3D66582bbf1cc694411d97bbed&#8220;][\/vc_column][\/vc_row][vc_row][vc_column width=&#8220;1\/4&#8243;][\/vc_column][vc_column width=&#8220;1\/2&#8243; css=&#8220;.vc_custom_1717051408732{margin-top: 15px !important;margin-right: 15px !important;margin-bottom: 15px !important;margin-left: 15px !important;border-top-width: 2px !important;border-right-width: 2px !important;border-bottom-width: 2px !important;border-left-width: 2px !important;border-left-color: #919191 !important;border-left-style: solid !important;border-right-color: #919191 !important;border-right-style: solid !important;border-top-color: #919191 !important;border-top-style: solid !important;border-bottom-color: #919191 !important;border-bottom-style: solid !important;border-radius: 10px !important;}&#8220;][vc_single_image image=&#8220;7812&#8243; img_size=&#8220;full&#8220; alignment=&#8220;center&#8220;][vc_column_text]<\/p>\n<p style=\"text-align: center;\"><span class=\"titre_3\" style=\"font-size: 18pt;\"><strong>32 km<\/strong><\/span><br \/>\n<strong><span style=\"font-size: 18pt;\">L&#8217;INT\u00c9GRALE<\/span><\/strong><\/p>\n<p>[\/vc_column_text][vc_single_image image=&#8220;1535&#8243;][vc_column_text]Pour les sportifs \u00e0 la recherche d&#8217;un challenge physique ! Parcourez<strong> l&#8217;int\u00e9gralit\u00e9s des 32km historiques<\/strong> ! Passez sous le pont d&#8217;Arc et traversez la r\u00e9serve naturelle en une journ\u00e9e !<\/p>\n<p>Rapides, plages secr\u00e8tes et points de vue inoubliable&#8230; vous verrez tout !<\/p>\n<p>Ce parcours vous demandera environs 6h30 de temps de navigation, nous vous conseillons de partir t\u00f4t et d&#8217;\u00eatre en bonne condition physique \ud83d\udcaa<\/p>\n<p><strong>D\u00e9parts possible non stop de 8h00 \u00e0 9h30<\/strong><\/p>\n<p><a href=\"https:\/\/canoe-kayak-lavernede.com\/descente-gorges-ardeche\/2-jours\/32-km-bivouac\/\"><em>-&gt; Ce parcours existe aussi en deux jours avec une nuit en bivouac, plus d&#8217;informations ICI &lt;-<\/em><\/a>[\/vc_column_text][vc_btn title=&#8220;RESERVATIONS &#8211; L&#8217;INTEGRALE 32 KM&#8220; color=&#8220;juicy-pink&#8220; size=&#8220;lg&#8220; align=&#8220;center&#8220; i_icon_fontawesome=&#8220;fas fa-calendar-alt&#8220; add_icon=&#8220;true&#8220; link=&#8220;url:https%3A%2F%2Fshop.canoe-kayak-lavernede.com%2Factivites%2Fcanoe_1j_32km%3Fpricing-group%3D66582bbf1cc694411d97bbed&#8220;][\/vc_column][vc_column width=&#8220;1\/4&#8243;][\/vc_column][\/vc_row]<\/p>\n","protected":false},"excerpt":{"rendered":"<p>[vc_row full_width=&#8220;stretch_row&#8220; el_id=&#8220;breadcrumb&#8220;][vc_column][vc_column_text][\/vc_column_text][\/vc_column][\/vc_row][vc_row full_width=&#8220;stretch_row&#8220; el_id=&#8220;ban_inte&#8220;][vc_column][vc_column_text] Descentes de l&#8217;Ard\u00e8che en cano\u00eb &#8211; Tarifs sp\u00e9cial Sabli\u00e8re\u00a0 [\/vc_column_text][\/vc_column][\/vc_row][vc_row][vc_column][vc_column_text]LA VERNEDE vous propose de d\u00e9couvrir les gorges de l&#8217;Ard\u00e8che en cano\u00eb en vous faisant profiter de tarifs sp\u00e9ciaux pour les clients du DOMAINE DE LA SABLIERE. Les descentes de l&#8217;Ard\u00e8che en cano\u00eb-kayak offrent une exp\u00e9rience inoubliable, id\u00e9ale pour les amateurs [&hellip;]<\/p>\n","protected":false},"author":5,"featured_media":0,"parent":0,"menu_order":0,"comment_status":"closed","ping_status":"closed","template":"","meta":{"footnotes":""},"class_list":["post-7759","page","type-page","status-publish"],"yoast_head":"<!-- This site is optimized with the Yoast SEO plugin v24.3 - https:\/\/yoast.com\/wordpress\/plugins\/seo\/ -->\n<title>La Vernede X domaine de la Sabli\u00e8re - LA VERNEDE<\/title>\n<meta name=\"robots\" content=\"index, follow, max-snippet:-1, max-image-preview:large, max-video-preview:-1\" \/>\n<link rel=\"canonical\" href=\"https:\/\/canoe-kayak-lavernede.com\/la-vernede-x-domaine-de-la-sabliere\/\" \/>\n<meta property=\"og:locale\" content=\"de_DE\" \/>\n<meta property=\"og:type\" content=\"article\" \/>\n<meta property=\"og:title\" content=\"La Vernede X domaine de la Sabli\u00e8re - LA VERNEDE\" \/>\n<meta property=\"og:description\" content=\"[vc_row full_width=&#8220;stretch_row&#8220; el_id=&#8220;breadcrumb&#8220;][vc_column][vc_column_text][\/vc_column_text][\/vc_column][\/vc_row][vc_row full_width=&#8220;stretch_row&#8220; el_id=&#8220;ban_inte&#8220;][vc_column][vc_column_text] Descentes de l&#8217;Ard\u00e8che en cano\u00eb &#8211; Tarifs sp\u00e9cial Sabli\u00e8re\u00a0 [\/vc_column_text][\/vc_column][\/vc_row][vc_row][vc_column][vc_column_text]LA VERNEDE vous propose de d\u00e9couvrir les gorges de l&#8217;Ard\u00e8che en cano\u00eb en vous faisant profiter de tarifs sp\u00e9ciaux pour les clients du DOMAINE DE LA SABLIERE. Les descentes de l&#8217;Ard\u00e8che en cano\u00eb-kayak offrent une exp\u00e9rience inoubliable, id\u00e9ale pour les amateurs [&hellip;]\" \/>\n<meta property=\"og:url\" content=\"https:\/\/canoe-kayak-lavernede.com\/la-vernede-x-domaine-de-la-sabliere\/\" \/>\n<meta property=\"og:site_name\" content=\"LA VERNEDE\" \/>\n<meta property=\"article:modified_time\" content=\"2024-06-13T12:21:52+00:00\" \/>\n<meta name=\"twitter:card\" content=\"summary_large_image\" \/>\n<meta name=\"twitter:label1\" content=\"Gesch\u00e4tzte Lesezeit\" \/>\n\t<meta name=\"twitter:data1\" content=\"6\u00a0Minuten\" \/>\n<script type=\"application\/ld+json\" class=\"yoast-schema-graph\">{\"@context\":\"https:\/\/schema.org\",\"@graph\":[{\"@type\":\"WebPage\",\"@id\":\"https:\/\/canoe-kayak-lavernede.com\/la-vernede-x-domaine-de-la-sabliere\/\",\"url\":\"https:\/\/canoe-kayak-lavernede.com\/la-vernede-x-domaine-de-la-sabliere\/\",\"name\":\"La Vernede X domaine de la Sabli\u00e8re - LA VERNEDE\",\"isPartOf\":{\"@id\":\"https:\/\/canoe-kayak-lavernede.com\/#website\"},\"datePublished\":\"2024-05-29T14:36:43+00:00\",\"dateModified\":\"2024-06-13T12:21:52+00:00\",\"breadcrumb\":{\"@id\":\"https:\/\/canoe-kayak-lavernede.com\/la-vernede-x-domaine-de-la-sabliere\/#breadcrumb\"},\"inLanguage\":\"de\",\"potentialAction\":[{\"@type\":\"ReadAction\",\"target\":[\"https:\/\/canoe-kayak-lavernede.com\/la-vernede-x-domaine-de-la-sabliere\/\"]}]},{\"@type\":\"BreadcrumbList\",\"@id\":\"https:\/\/canoe-kayak-lavernede.com\/la-vernede-x-domaine-de-la-sabliere\/#breadcrumb\",\"itemListElement\":[{\"@type\":\"ListItem\",\"position\":1,\"name\":\"Accueil\",\"item\":\"https:\/\/canoe-kayak-lavernede.com\/de\/\"},{\"@type\":\"ListItem\",\"position\":2,\"name\":\"La Vernede X domaine de la Sabli\u00e8re\"}]},{\"@type\":\"WebSite\",\"@id\":\"https:\/\/canoe-kayak-lavernede.com\/#website\",\"url\":\"https:\/\/canoe-kayak-lavernede.com\/\",\"name\":\"LA VERNEDE\",\"description\":\"\",\"potentialAction\":[{\"@type\":\"SearchAction\",\"target\":{\"@type\":\"EntryPoint\",\"urlTemplate\":\"https:\/\/canoe-kayak-lavernede.com\/?s={search_term_string}\"},\"query-input\":{\"@type\":\"PropertyValueSpecification\",\"valueRequired\":true,\"valueName\":\"search_term_string\"}}],\"inLanguage\":\"de\"}]}<\/script>\n<!-- \/ Yoast SEO plugin. -->","yoast_head_json":{"title":"La Vernede X domaine de la Sabli\u00e8re - LA VERNEDE","robots":{"index":"index","follow":"follow","max-snippet":"max-snippet:-1","max-image-preview":"max-image-preview:large","max-video-preview":"max-video-preview:-1"},"canonical":"https:\/\/canoe-kayak-lavernede.com\/la-vernede-x-domaine-de-la-sabliere\/","og_locale":"de_DE","og_type":"article","og_title":"La Vernede X domaine de la Sabli\u00e8re - LA VERNEDE","og_description":"[vc_row full_width=&#8220;stretch_row&#8220; el_id=&#8220;breadcrumb&#8220;][vc_column][vc_column_text][\/vc_column_text][\/vc_column][\/vc_row][vc_row full_width=&#8220;stretch_row&#8220; el_id=&#8220;ban_inte&#8220;][vc_column][vc_column_text] Descentes de l&#8217;Ard\u00e8che en cano\u00eb &#8211; Tarifs sp\u00e9cial Sabli\u00e8re\u00a0 [\/vc_column_text][\/vc_column][\/vc_row][vc_row][vc_column][vc_column_text]LA VERNEDE vous propose de d\u00e9couvrir les gorges de l&#8217;Ard\u00e8che en cano\u00eb en vous faisant profiter de tarifs sp\u00e9ciaux pour les clients du DOMAINE DE LA SABLIERE. Les descentes de l&#8217;Ard\u00e8che en cano\u00eb-kayak offrent une exp\u00e9rience inoubliable, id\u00e9ale pour les amateurs [&hellip;]","og_url":"https:\/\/canoe-kayak-lavernede.com\/la-vernede-x-domaine-de-la-sabliere\/","og_site_name":"LA VERNEDE","article_modified_time":"2024-06-13T12:21:52+00:00","twitter_card":"summary_large_image","twitter_misc":{"Gesch\u00e4tzte Lesezeit":"6\u00a0Minuten"},"schema":{"@context":"https:\/\/schema.org","@graph":[{"@type":"WebPage","@id":"https:\/\/canoe-kayak-lavernede.com\/la-vernede-x-domaine-de-la-sabliere\/","url":"https:\/\/canoe-kayak-lavernede.com\/la-vernede-x-domaine-de-la-sabliere\/","name":"La Vernede X domaine de la Sabli\u00e8re - LA VERNEDE","isPartOf":{"@id":"https:\/\/canoe-kayak-lavernede.com\/#website"},"datePublished":"2024-05-29T14:36:43+00:00","dateModified":"2024-06-13T12:21:52+00:00","breadcrumb":{"@id":"https:\/\/canoe-kayak-lavernede.com\/la-vernede-x-domaine-de-la-sabliere\/#breadcrumb"},"inLanguage":"de","potentialAction":[{"@type":"ReadAction","target":["https:\/\/canoe-kayak-lavernede.com\/la-vernede-x-domaine-de-la-sabliere\/"]}]},{"@type":"BreadcrumbList","@id":"https:\/\/canoe-kayak-lavernede.com\/la-vernede-x-domaine-de-la-sabliere\/#breadcrumb","itemListElement":[{"@type":"ListItem","position":1,"name":"Accueil","item":"https:\/\/canoe-kayak-lavernede.com\/de\/"},{"@type":"ListItem","position":2,"name":"La Vernede X domaine de la Sabli\u00e8re"}]},{"@type":"WebSite","@id":"https:\/\/canoe-kayak-lavernede.com\/#website","url":"https:\/\/canoe-kayak-lavernede.com\/","name":"LA VERNEDE","description":"","potentialAction":[{"@type":"SearchAction","target":{"@type":"EntryPoint","urlTemplate":"https:\/\/canoe-kayak-lavernede.com\/?s={search_term_string}"},"query-input":{"@type":"PropertyValueSpecification","valueRequired":true,"valueName":"search_term_string"}}],"inLanguage":"de"}]}},"_links":{"self":[{"href":"https:\/\/canoe-kayak-lavernede.com\/de\/wp-json\/wp\/v2\/pages\/7759"}],"collection":[{"href":"https:\/\/canoe-kayak-lavernede.com\/de\/wp-json\/wp\/v2\/pages"}],"about":[{"href":"https:\/\/canoe-kayak-lavernede.com\/de\/wp-json\/wp\/v2\/types\/page"}],"author":[{"embeddable":true,"href":"https:\/\/canoe-kayak-lavernede.com\/de\/wp-json\/wp\/v2\/users\/5"}],"replies":[{"embeddable":true,"href":"https:\/\/canoe-kayak-lavernede.com\/de\/wp-json\/wp\/v2\/comments?post=7759"}],"version-history":[{"count":3,"href":"https:\/\/canoe-kayak-lavernede.com\/de\/wp-json\/wp\/v2\/pages\/7759\/revisions"}],"predecessor-version":[{"id":8008,"href":"https:\/\/canoe-kayak-lavernede.com\/de\/wp-json\/wp\/v2\/pages\/7759\/revisions\/8008"}],"wp:attachment":[{"href":"https:\/\/canoe-kayak-lavernede.com\/de\/wp-json\/wp\/v2\/media?parent=7759"}],"curies":[{"name":"wp","href":"https:\/\/api.w.org\/{rel}","templated":true}]}}